{"id":23106,"date":"2026-02-23T13:53:47","date_gmt":"2026-02-23T12:53:47","guid":{"rendered":"http:\/\/lynxproaudio.loading.net\/?page_id=23106"},"modified":"2026-03-16T11:04:35","modified_gmt":"2026-03-16T10:04:35","slug":"eventos-corporativos","status":"publish","type":"page","link":"https:\/\/pre.lynxproaudio.com\/es\/referencias\/eventos-corporativos\/","title":{"rendered":"Eventos corporativos"},"content":{"rendered":"\t\t<div data-elementor-type=\"wp-page\" data-elementor-id=\"23106\" class=\"elementor elementor-23106 elementor-23105\" data-elementor-post-type=\"page\">\n\t\t\t\t<div class=\"aae-disable-transition elementor-element elementor-element-082553a e-con-full cabecera-serie e-flex wcf-starter-animations-none e-con e-parent\" data-id=\"082553a\" data-element_type=\"container\" data-e-type=\"container\" data-settings=\"{&quot;wcf_enable_cursor_hover_effect_text&quot;:&quot;View&quot;,&quot;background_background&quot;:&quot;classic&quot;,&quot;wcf-animation&quot;:&quot;fade&quot;,&quot;aae_method&quot;:&quot;from&quot;,&quot;aae_trigger&quot;:&quot;on_scroll&quot;,&quot;delay&quot;:0.15,&quot;fade-from&quot;:&quot;bottom&quot;,&quot;data-duration&quot;:1.5,&quot;ease&quot;:&quot;power2.out&quot;,&quot;fade-offset&quot;:50,&quot;wcf_enable_horizontal_scroll&quot;:&quot;no&quot;}\">\n\t\t\t\t<\/div>\n\t\t<div class=\"elementor-element elementor-element-95df945 e-flex e-con-boxed wcf-starter-animations-none e-con e-parent\" data-id=\"95df945\" data-element_type=\"container\" data-e-type=\"container\" data-settings=\"{&quot;wcf_enable_cursor_hover_effect_text&quot;:&quot;View&quot;,&quot;wcf-animation&quot;:&quot;none&quot;,&quot;wcf_enable_horizontal_scroll&quot;:&quot;no&quot;}\">\n\t\t\t\t\t<div class=\"e-con-inner\">\n\t\t<div class=\"elementor-element elementor-element-1005176 e-con-full e-flex wcf-starter-animations-none e-con e-child\" data-id=\"1005176\" data-element_type=\"container\" data-e-type=\"container\" data-settings=\"{&quot;wcf_enable_cursor_hover_effect_text&quot;:&quot;View&quot;,&quot;wcf-animation&quot;:&quot;none&quot;,&quot;wcf_enable_horizontal_scroll&quot;:&quot;no&quot;}\">\n\t\t\t\t<div class=\"elementor-element elementor-element-58f8664 elementor-widget-mobile__width-inherit wcf-t-animation-text_move wcf-starter-animations-none elementor-widget elementor-widget-wcf--title\" data-id=\"58f8664\" data-element_type=\"widget\" data-e-type=\"widget\" data-settings=\"{&quot;text_transform_origin&quot;:&quot;top center -50&quot;,&quot;wcf_text_animation&quot;:&quot;text_move&quot;,&quot;wcf_starter_animations&quot;:&quot;none&quot;,&quot;wcf_anim_duration&quot;:1000,&quot;wcf_anim_delay&quot;:0,&quot;wcf_anim_ease&quot;:&quot;ease&quot;,&quot;aae_text_trigger&quot;:&quot;on_scroll&quot;,&quot;text_delay&quot;:0.15,&quot;text_duration&quot;:1,&quot;text_stagger&quot;:0.02,&quot;text_rotation_di&quot;:&quot;x&quot;,&quot;text_rotation&quot;:&quot;-80&quot;,&quot;wcf-animation&quot;:&quot;none&quot;}\" data-widget_type=\"wcf--title.default\">\n\t\t\t\t<div class=\"elementor-widget-container\">\n\t\t\t\t\t<h1 class=\"wcf--title\">Eventos corporativos<\/h1>\t\t\t\t<\/div>\n\t\t\t\t<\/div>\n\t\t\t\t<\/div>\n\t\t\t\t\t<\/div>\n\t\t\t\t<\/div>\n\t\t<div class=\"elementor-element elementor-element-289ae7e3 e-flex e-con-boxed wcf-starter-animations-none e-con e-parent\" data-id=\"289ae7e3\" data-element_type=\"container\" data-e-type=\"container\" data-settings=\"{&quot;wcf_enable_cursor_hover_effect_text&quot;:&quot;View&quot;,&quot;wcf-animation&quot;:&quot;none&quot;,&quot;wcf_enable_horizontal_scroll&quot;:&quot;no&quot;}\">\n\t\t\t\t\t<div class=\"e-con-inner\">\n\t\t\t\t\t<\/div>\n\t\t\t\t<\/div>\n\t\t<div class=\"aae-disable-transition elementor-element elementor-element-ece5bdd e-flex e-con-boxed wcf-starter-animations-none e-con e-parent\" data-id=\"ece5bdd\" data-element_type=\"container\" data-e-type=\"container\" data-settings=\"{&quot;wcf_enable_cursor_hover_effect_text&quot;:&quot;View&quot;,&quot;wcf-animation&quot;:&quot;fade&quot;,&quot;data-duration&quot;:0.75,&quot;fade-offset&quot;:40,&quot;delay&quot;:0.5,&quot;wcf_enable_animation_editor&quot;:&quot;yes&quot;,&quot;aae_method&quot;:&quot;from&quot;,&quot;aae_trigger&quot;:&quot;on_scroll&quot;,&quot;fade-from&quot;:&quot;bottom&quot;,&quot;ease&quot;:&quot;power2.out&quot;,&quot;wcf_enable_horizontal_scroll&quot;:&quot;no&quot;}\">\n\t\t\t\t\t<div class=\"e-con-inner\">\n\t\t\t\t<div class=\"elementor-element elementor-element-853732e wcf--title-underline wcf--image-effect-zoom-in elementor-widget elementor-widget-wcf--posts-pro\" data-id=\"853732e\" data-element_type=\"widget\" data-e-type=\"widget\" data-settings=\"{&quot;show_title_highlight&quot;:&quot;yes&quot;,&quot;highlight_title_length&quot;:5,&quot;wcf-animation&quot;:&quot;none&quot;}\" data-widget_type=\"wcf--posts-pro.default\">\n\t\t\t\t<div class=\"elementor-widget-container\">\n\t\t\t\t\t        <div class=\"wcf__posts-pro layout-normal\">        <div class=\"wcf-posts\">\r\n\t\t        <article class=\"wcf-post post-18015 post type-post status-publish format-standard has-post-thumbnail hentry category-eventos-corporativos tag-eventos-corporativos\">\r\n\r\n\t\t\t\t\t<div class=\"thumb wcf--format-\">\r\n\t\t\t<a href=\"https:\/\/pre.lynxproaudio.com\/es\/ice-awards-2023-evento-corporativo-organizadores-eventos\/\">\r\n\t\t\t\t<img fetchpriority=\"high\" decoding=\"async\" width=\"768\" height=\"576\" src=\"https:\/\/pre.lynxproaudio.com\/wp-content\/uploads\/2023\/07\/ICE-awards-event-23-01-768x576.jpg\" class=\"attachment-medium_large size-medium_large wp-image-17779\" alt=\"ICE-awards business event by Lynx Pro Audio\" srcset=\"https:\/\/pre.lynxproaudio.com\/wp-content\/uploads\/2023\/07\/ICE-awards-event-23-01-768x576.jpg 768w, https:\/\/pre.lynxproaudio.com\/wp-content\/uploads\/2023\/07\/ICE-awards-event-23-01-300x225.jpg 300w, https:\/\/pre.lynxproaudio.com\/wp-content\/uploads\/2023\/07\/ICE-awards-event-23-01.jpg 900w\" sizes=\"(max-width: 768px) 100vw, 768px\" \/>\t\t\t<\/a>\r\n\t\t\t\t\t<\/div>\r\n\t\t\t<h3 class=\"wcf-post-title\">\r\n\t\t\t<a href=\"https:\/\/pre.lynxproaudio.com\/es\/ice-awards-2023-evento-corporativo-organizadores-eventos\/\">\r\n\t\t\t\t<span class=\"highlight\">ICE Awards 2023, el evento<\/span> corporativo para organizadores de eventos\t\t\t<\/a>\r\n\t\t<\/h3>\r\n\t\t\t<div class=\"wcf-post-excerpt\">\r\n\t\t\t<p>Los premios \u00abICE 2023\u00bb se han celebrado en el edificio Rose Courts Events, en Londres (Reino Unido), organizado junto a la empresa Team JLL. Estos premios son para reconocer y\t\t<\/div>\r\n\t        <\/article>\r\n\t\t        <article class=\"wcf-post post-17934 post type-post status-publish format-standard has-post-thumbnail hentry category-eventos-corporativos category-instalaciones category-noticias tag-serie-lx\">\r\n\r\n\t\t\t\t\t<div class=\"thumb wcf--format-\">\r\n\t\t\t<a href=\"https:\/\/pre.lynxproaudio.com\/es\/gutenberg-espectaculo-360-grados-montevideo\/\">\r\n\t\t\t\t<img decoding=\"async\" width=\"768\" height=\"230\" src=\"https:\/\/pre.lynxproaudio.com\/wp-content\/uploads\/2018\/12\/17682090443615484818-768x230.jpg\" class=\"attachment-medium_large size-medium_large wp-image-17657\" alt=\"\" srcset=\"https:\/\/pre.lynxproaudio.com\/wp-content\/uploads\/2018\/12\/17682090443615484818-768x230.jpg 768w, https:\/\/pre.lynxproaudio.com\/wp-content\/uploads\/2018\/12\/17682090443615484818-300x90.jpg 300w, https:\/\/pre.lynxproaudio.com\/wp-content\/uploads\/2018\/12\/17682090443615484818-1024x307.jpg 1024w, https:\/\/pre.lynxproaudio.com\/wp-content\/uploads\/2018\/12\/17682090443615484818-1536x461.jpg 1536w, https:\/\/pre.lynxproaudio.com\/wp-content\/uploads\/2018\/12\/17682090443615484818.jpg 1600w\" sizes=\"(max-width: 768px) 100vw, 768px\" \/>\t\t\t<\/a>\r\n\t\t\t\t\t<\/div>\r\n\t\t\t<h3 class=\"wcf-post-title\">\r\n\t\t\t<a href=\"https:\/\/pre.lynxproaudio.com\/es\/gutenberg-espectaculo-360-grados-montevideo\/\">\r\n\t\t\t\t<span class=\"highlight\">Gutenberg: un espect\u00e1culo de 360<\/span> grados en Montevideo\t\t\t<\/a>\r\n\t\t<\/h3>\r\n\t\t\t<div class=\"wcf-post-excerpt\">\r\n\t\t\t<p>El pasado 24 de noviembre se estren\u00f3 &#8216;Gutenberg&#8217; en el Antel Arena de Montevideo (Uruguay), un show de 360 grados y el m\u00e1s ambicioso de la temporada, que celebra los\t\t<\/div>\r\n\t        <\/article>\r\n\t\t        <article class=\"wcf-post post-17910 post type-post status-publish format-standard has-post-thumbnail hentry category-eventos-corporativos category-instalaciones tag-serie-lx\">\r\n\r\n\t\t\t\t\t<div class=\"thumb wcf--format-\">\r\n\t\t\t<a href=\"https:\/\/pre.lynxproaudio.com\/es\/sistemas-lynx-pro-audio-premios-platino-cine-iberoamericano\/\">\r\n\t\t\t\t<img decoding=\"async\" width=\"768\" height=\"576\" src=\"https:\/\/pre.lynxproaudio.com\/wp-content\/uploads\/2016\/07\/Premios_Platino_Lynx_Pro_Audio-768x576.jpg\" class=\"attachment-medium_large size-medium_large wp-image-17606\" alt=\"\" srcset=\"https:\/\/pre.lynxproaudio.com\/wp-content\/uploads\/2016\/07\/Premios_Platino_Lynx_Pro_Audio-768x576.jpg 768w, https:\/\/pre.lynxproaudio.com\/wp-content\/uploads\/2016\/07\/Premios_Platino_Lynx_Pro_Audio-300x225.jpg 300w, https:\/\/pre.lynxproaudio.com\/wp-content\/uploads\/2016\/07\/Premios_Platino_Lynx_Pro_Audio-1024x768.jpg 1024w, https:\/\/pre.lynxproaudio.com\/wp-content\/uploads\/2016\/07\/Premios_Platino_Lynx_Pro_Audio.jpg 1280w\" sizes=\"(max-width: 768px) 100vw, 768px\" \/>\t\t\t<\/a>\r\n\t\t\t\t\t<\/div>\r\n\t\t\t<h3 class=\"wcf-post-title\">\r\n\t\t\t<a href=\"https:\/\/pre.lynxproaudio.com\/es\/sistemas-lynx-pro-audio-premios-platino-cine-iberoamericano\/\">\r\n\t\t\t\t<span class=\"highlight\">Sistemas LX-V12 sonorizan los Premios<\/span> Platino, en el gran d\u00eda del cine\t\t\t<\/a>\r\n\t\t<\/h3>\r\n\t\t\t<div class=\"wcf-post-excerpt\">\r\n\t\t\t<p>Incre\u00edble la gala organizada para la entrega de los Premios Platino a lo mejor del cine iberoamericano, un acto que se est\u00e1 consolidando trascendiendo fronteras, con una presencia televisiva en\t\t<\/div>\r\n\t        <\/article>\r\n\t\t        <article class=\"wcf-post post-17950 post type-post status-publish format-standard has-post-thumbnail hentry category-eventos-corporativos category-instalaciones category-noticias category-nuestros-clientes\">\r\n\r\n\t\t\t\t\t<div class=\"thumb wcf--format-\">\r\n\t\t\t<a href=\"https:\/\/pre.lynxproaudio.com\/es\/ceremonia-premios-hong-kong-lynx-pro-audio\/\">\r\n\t\t\t\t<img loading=\"lazy\" decoding=\"async\" width=\"656\" height=\"532\" src=\"https:\/\/pre.lynxproaudio.com\/wp-content\/uploads\/2010\/04\/music-show.jpg\" class=\"attachment-medium_large size-medium_large wp-image-17951\" alt=\"\" srcset=\"https:\/\/pre.lynxproaudio.com\/wp-content\/uploads\/2010\/04\/music-show.jpg 656w, https:\/\/pre.lynxproaudio.com\/wp-content\/uploads\/2010\/04\/music-show-300x243.jpg 300w\" sizes=\"(max-width: 656px) 100vw, 656px\" \/>\t\t\t<\/a>\r\n\t\t\t\t\t<\/div>\r\n\t\t\t<h3 class=\"wcf-post-title\">\r\n\t\t\t<a href=\"https:\/\/pre.lynxproaudio.com\/es\/ceremonia-premios-hong-kong-lynx-pro-audio\/\">\r\n\t\t\t\t<span class=\"highlight\">Ceremonia de Premios en Hong<\/span> Kong con Lynx Pro Audio\t\t\t<\/a>\r\n\t\t<\/h3>\r\n\t\t\t<div class=\"wcf-post-excerpt\">\r\n\t\t\t<p>Big Lovely es una ceremonia de premiaci\u00f3n para las celebridades de televisi\u00f3n de China Phoenix TV utiliz\u00f3 el siguiente equipo Lynx. La configuraci\u00f3n incluy\u00f3 un conjunto de line arrays LX-V8\t\t<\/div>\r\n\t        <\/article>\r\n\t\t<\/div>\t\t\t\t<div class=\"load-more-anchor\" data-page=\"1\" data-max-page=\"1\" data-next-page=\"https:\/\/pre.lynxproaudio.com\/es\/wp-json\/wp\/v2\/pages\/23106\/page\/2\/\"><\/div>\r\n\r\n\t\t\t\t\r\n\t\t\t\t<button class=\"wcf-post-load-more\" data-type=\"load_on_click\">\r\n\t\t\t\t\t\t\t\t\t\t\t<span class=\"load-more-spinner eicon-animation-spin\">\r\n\t\t\t\t\t\t\t<svg aria-hidden=\"true\" class=\"e-font-icon-svg e-fas-spinner\" viewBox=\"0 0 512 512\" xmlns=\"http:\/\/www.w3.org\/2000\/svg\"><path d=\"M304 48c0 26.51-21.49 48-48 48s-48-21.49-48-48 21.49-48 48-48 48 21.49 48 48zm-48 368c-26.51 0-48 21.49-48 48s21.49 48 48 48 48-21.49 48-48-21.49-48-48-48zm208-208c-26.51 0-48 21.49-48 48s21.49 48 48 48 48-21.49 48-48-21.49-48-48-48zM96 256c0-26.51-21.49-48-48-48S0 229.49 0 256s21.49 48 48 48 48-21.49 48-48zm12.922 99.078c-26.51 0-48 21.49-48 48s21.49 48 48 48 48-21.49 48-48c0-26.509-21.491-48-48-48zm294.156 0c-26.51 0-48 21.49-48 48s21.49 48 48 48 48-21.49 48-48c0-26.509-21.49-48-48-48zM108.922 60.922c-26.51 0-48 21.49-48 48s21.49 48 48 48 48-21.49 48-48-21.491-48-48-48z\"><\/path><\/svg>\t\t\t\t\t\t<\/span>\r\n\t\t\t\t\t\t\t\t\t\t<span class=\"load-more-text\">\r\n\t\t\t\t\t\tCargar m\u00e1s\t\t\t\t\t\t\t\t\t\t\t<\/span>\r\n\t\t\t\t<\/button>\r\n\t\t\t<\/div>\t\t\t\t<\/div>\n\t\t\t\t<\/div>\n\t\t\t\t\t<\/div>\n\t\t\t\t<\/div>\n\t\t\t\t<\/div>\n\t\t","protected":false},"excerpt":{"rendered":"","protected":false},"author":10,"featured_media":23109,"parent":22882,"menu_order":0,"comment_status":"closed","ping_status":"closed","template":"elementor_header_footer","meta":{"_acf_changed":false,"footnotes":""},"categoria-pagina":[],"class_list":["post-23106","page","type-page","status-publish","has-post-thumbnail","hentry"],"acf":[],"_links":{"self":[{"href":"https:\/\/pre.lynxproaudio.com\/es\/wp-json\/wp\/v2\/pages\/23106","targetHints":{"allow":["GET"]}}],"collection":[{"href":"https:\/\/pre.lynxproaudio.com\/es\/wp-json\/wp\/v2\/pages"}],"about":[{"href":"https:\/\/pre.lynxproaudio.com\/es\/wp-json\/wp\/v2\/types\/page"}],"author":[{"embeddable":true,"href":"https:\/\/pre.lynxproaudio.com\/es\/wp-json\/wp\/v2\/users\/10"}],"replies":[{"embeddable":true,"href":"https:\/\/pre.lynxproaudio.com\/es\/wp-json\/wp\/v2\/comments?post=23106"}],"version-history":[{"count":0,"href":"https:\/\/pre.lynxproaudio.com\/es\/wp-json\/wp\/v2\/pages\/23106\/revisions"}],"up":[{"embeddable":true,"href":"https:\/\/pre.lynxproaudio.com\/es\/wp-json\/wp\/v2\/pages\/22882"}],"wp:featuredmedia":[{"embeddable":true,"href":"https:\/\/pre.lynxproaudio.com\/es\/wp-json\/wp\/v2\/media\/23109"}],"wp:attachment":[{"href":"https:\/\/pre.lynxproaudio.com\/es\/wp-json\/wp\/v2\/media?parent=23106"}],"wp:term":[{"taxonomy":"categoria-pagina","embeddable":true,"href":"https:\/\/pre.lynxproaudio.com\/es\/wp-json\/wp\/v2\/categoria-pagina?post=23106"}],"curies":[{"name":"wp","href":"https:\/\/api.w.org\/{rel}","templated":true}]}}