{"id":23094,"date":"2026-02-23T13:45:49","date_gmt":"2026-02-23T12:45:49","guid":{"rendered":"http:\/\/lynxproaudio.loading.net\/?page_id=23094"},"modified":"2026-03-16T11:12:16","modified_gmt":"2026-03-16T10:12:16","slug":"edificios-publicos","status":"publish","type":"page","link":"https:\/\/pre.lynxproaudio.com\/es\/referencias\/edificios-publicos\/","title":{"rendered":"Edificios p\u00fablicos"},"content":{"rendered":"\t\t<div data-elementor-type=\"wp-page\" data-elementor-id=\"23094\" class=\"elementor elementor-23094 elementor-23093\" data-elementor-post-type=\"page\">\n\t\t\t\t<div class=\"aae-disable-transition elementor-element elementor-element-082553a e-con-full cabecera-serie e-flex wcf-starter-animations-none e-con e-parent\" data-id=\"082553a\" data-element_type=\"container\" data-e-type=\"container\" data-settings=\"{&quot;wcf_enable_cursor_hover_effect_text&quot;:&quot;View&quot;,&quot;background_background&quot;:&quot;classic&quot;,&quot;wcf-animation&quot;:&quot;fade&quot;,&quot;aae_method&quot;:&quot;from&quot;,&quot;aae_trigger&quot;:&quot;on_scroll&quot;,&quot;delay&quot;:0.15,&quot;fade-from&quot;:&quot;bottom&quot;,&quot;data-duration&quot;:1.5,&quot;ease&quot;:&quot;power2.out&quot;,&quot;fade-offset&quot;:50,&quot;wcf_enable_horizontal_scroll&quot;:&quot;no&quot;}\">\n\t\t\t\t<\/div>\n\t\t<div class=\"elementor-element elementor-element-95df945 e-flex e-con-boxed wcf-starter-animations-none e-con e-parent\" data-id=\"95df945\" data-element_type=\"container\" data-e-type=\"container\" data-settings=\"{&quot;wcf_enable_cursor_hover_effect_text&quot;:&quot;View&quot;,&quot;wcf-animation&quot;:&quot;none&quot;,&quot;wcf_enable_horizontal_scroll&quot;:&quot;no&quot;}\">\n\t\t\t\t\t<div class=\"e-con-inner\">\n\t\t<div class=\"elementor-element elementor-element-1005176 e-con-full e-flex wcf-starter-animations-none e-con e-child\" data-id=\"1005176\" data-element_type=\"container\" data-e-type=\"container\" data-settings=\"{&quot;wcf_enable_cursor_hover_effect_text&quot;:&quot;View&quot;,&quot;wcf-animation&quot;:&quot;none&quot;,&quot;wcf_enable_horizontal_scroll&quot;:&quot;no&quot;}\">\n\t\t\t\t<div class=\"elementor-element elementor-element-58f8664 elementor-widget-mobile__width-inherit wcf-t-animation-text_move wcf-starter-animations-none elementor-widget elementor-widget-wcf--title\" data-id=\"58f8664\" data-element_type=\"widget\" data-e-type=\"widget\" data-settings=\"{&quot;text_transform_origin&quot;:&quot;top center -50&quot;,&quot;wcf_text_animation&quot;:&quot;text_move&quot;,&quot;wcf_starter_animations&quot;:&quot;none&quot;,&quot;wcf_anim_duration&quot;:1000,&quot;wcf_anim_delay&quot;:0,&quot;wcf_anim_ease&quot;:&quot;ease&quot;,&quot;aae_text_trigger&quot;:&quot;on_scroll&quot;,&quot;text_delay&quot;:0.15,&quot;text_duration&quot;:1,&quot;text_stagger&quot;:0.02,&quot;text_rotation_di&quot;:&quot;x&quot;,&quot;text_rotation&quot;:&quot;-80&quot;,&quot;wcf-animation&quot;:&quot;none&quot;}\" data-widget_type=\"wcf--title.default\">\n\t\t\t\t<div class=\"elementor-widget-container\">\n\t\t\t\t\t<h1 class=\"wcf--title\">Edificios p\u00fablicos<\/h1>\t\t\t\t<\/div>\n\t\t\t\t<\/div>\n\t\t\t\t<\/div>\n\t\t\t\t\t<\/div>\n\t\t\t\t<\/div>\n\t\t<div class=\"elementor-element elementor-element-289ae7e3 e-flex e-con-boxed wcf-starter-animations-none e-con e-parent\" data-id=\"289ae7e3\" data-element_type=\"container\" data-e-type=\"container\" data-settings=\"{&quot;wcf_enable_cursor_hover_effect_text&quot;:&quot;View&quot;,&quot;wcf-animation&quot;:&quot;none&quot;,&quot;wcf_enable_horizontal_scroll&quot;:&quot;no&quot;}\">\n\t\t\t\t\t<div class=\"e-con-inner\">\n\t\t\t\t\t<\/div>\n\t\t\t\t<\/div>\n\t\t<div class=\"aae-disable-transition elementor-element elementor-element-ece5bdd e-flex e-con-boxed wcf-starter-animations-none e-con e-parent\" data-id=\"ece5bdd\" data-element_type=\"container\" data-e-type=\"container\" data-settings=\"{&quot;wcf_enable_cursor_hover_effect_text&quot;:&quot;View&quot;,&quot;wcf-animation&quot;:&quot;fade&quot;,&quot;data-duration&quot;:0.75,&quot;fade-offset&quot;:40,&quot;delay&quot;:0.5,&quot;wcf_enable_animation_editor&quot;:&quot;yes&quot;,&quot;aae_method&quot;:&quot;from&quot;,&quot;aae_trigger&quot;:&quot;on_scroll&quot;,&quot;fade-from&quot;:&quot;bottom&quot;,&quot;ease&quot;:&quot;power2.out&quot;,&quot;wcf_enable_horizontal_scroll&quot;:&quot;no&quot;}\">\n\t\t\t\t\t<div class=\"e-con-inner\">\n\t\t\t\t<div class=\"elementor-element elementor-element-853732e wcf--title-underline wcf--image-effect-zoom-in elementor-widget elementor-widget-wcf--posts-pro\" data-id=\"853732e\" data-element_type=\"widget\" data-e-type=\"widget\" data-settings=\"{&quot;show_title_highlight&quot;:&quot;yes&quot;,&quot;highlight_title_length&quot;:5,&quot;wcf-animation&quot;:&quot;none&quot;}\" data-widget_type=\"wcf--posts-pro.default\">\n\t\t\t\t<div class=\"elementor-widget-container\">\n\t\t\t\t\t        <div class=\"wcf__posts-pro layout-normal\">        <div class=\"wcf-posts\">\r\n\t\t        <article class=\"wcf-post post-18020 post type-post status-publish format-standard has-post-thumbnail hentry category-edificios-publicos category-instalaciones tag-amplificadores tag-procesadores-ark tag-serie-cxa\">\r\n\r\n\t\t\t\t\t<div class=\"thumb wcf--format-\">\r\n\t\t\t<a href=\"https:\/\/pre.lynxproaudio.com\/es\/nuevo-sonido-oceanografico-valencia-cxa-12-intemperie\/\">\r\n\t\t\t\t<img fetchpriority=\"high\" decoding=\"async\" width=\"768\" height=\"578\" src=\"https:\/\/pre.lynxproaudio.com\/wp-content\/uploads\/2024\/05\/Lynx-Pro-Audio-Oceanografic-sound-system-02-768x578.jpg\" class=\"attachment-medium_large size-medium_large wp-image-17787\" alt=\"Lynx Pro Audio Oceanografic sound system\" srcset=\"https:\/\/pre.lynxproaudio.com\/wp-content\/uploads\/2024\/05\/Lynx-Pro-Audio-Oceanografic-sound-system-02-768x578.jpg 768w, https:\/\/pre.lynxproaudio.com\/wp-content\/uploads\/2024\/05\/Lynx-Pro-Audio-Oceanografic-sound-system-02-300x226.jpg 300w, https:\/\/pre.lynxproaudio.com\/wp-content\/uploads\/2024\/05\/Lynx-Pro-Audio-Oceanografic-sound-system-02-1024x771.jpg 1024w, https:\/\/pre.lynxproaudio.com\/wp-content\/uploads\/2024\/05\/Lynx-Pro-Audio-Oceanografic-sound-system-02.jpg 1200w\" sizes=\"(max-width: 768px) 100vw, 768px\" \/>\t\t\t<\/a>\r\n\t\t\t\t\t<\/div>\r\n\t\t\t<h3 class=\"wcf-post-title\">\r\n\t\t\t<a href=\"https:\/\/pre.lynxproaudio.com\/es\/nuevo-sonido-oceanografico-valencia-cxa-12-intemperie\/\">\r\n\t\t\t\t<span class=\"highlight\">Nuevo sonido en el Oceanogr\u00e1fico<\/span> de Valencia con CXA-12 para intemperie\t\t\t<\/a>\r\n\t\t<\/h3>\r\n\t\t\t<div class=\"wcf-post-excerpt\">\r\n\t\t\t<p>El Ocenagr\u00e0fic ha renovado recientemente sus equipos de sonido en la zona del delfinario, confiando una vez m\u00e1s en Lynx Pro Audio. Se han instalado 15 recintos CXA-12 pasivos en\t\t<\/div>\r\n\t        <\/article>\r\n\t\t        <article class=\"wcf-post post-17993 post type-post status-publish format-standard has-post-thumbnail hentry category-edificios-publicos category-instalaciones tag-internacional\">\r\n\r\n\t\t\t\t\t<div class=\"thumb wcf--format-\">\r\n\t\t\t<a href=\"https:\/\/pre.lynxproaudio.com\/es\/recintos-ionic-en-la-expo-2020-de-dubai\/\">\r\n\t\t\t\t<img decoding=\"async\" width=\"768\" height=\"432\" src=\"https:\/\/pre.lynxproaudio.com\/wp-content\/uploads\/2022\/01\/1768209071277705531-768x432.jpg\" class=\"attachment-medium_large size-medium_large wp-image-17733\" alt=\"\" srcset=\"https:\/\/pre.lynxproaudio.com\/wp-content\/uploads\/2022\/01\/1768209071277705531-768x432.jpg 768w, https:\/\/pre.lynxproaudio.com\/wp-content\/uploads\/2022\/01\/1768209071277705531-300x169.jpg 300w, https:\/\/pre.lynxproaudio.com\/wp-content\/uploads\/2022\/01\/1768209071277705531.jpg 998w\" sizes=\"(max-width: 768px) 100vw, 768px\" \/>\t\t\t<\/a>\r\n\t\t\t\t\t<\/div>\r\n\t\t\t<h3 class=\"wcf-post-title\">\r\n\t\t\t<a href=\"https:\/\/pre.lynxproaudio.com\/es\/recintos-ionic-en-la-expo-2020-de-dubai\/\">\r\n\t\t\t\t<span class=\"highlight\">Recintos Ionic en la Exposici\u00f3n<\/span> Universal de Dubai\t\t\t<\/a>\r\n\t\t<\/h3>\r\n\t\t\t<div class=\"wcf-post-excerpt\">\r\n\t\t\t<p>Estamos ante uno de los acontecimientos m\u00e1s grandes del 2021 y que seguir\u00e1 vigente hasta finales de marzo de 2022. Dubai est\u00e1 celebrando su gran Exposici\u00f3n Universal despu\u00e9s del aplazamiento\t\t<\/div>\r\n\t        <\/article>\r\n\t\t        <article class=\"wcf-post post-17988 post type-post status-publish format-standard has-post-thumbnail hentry category-edificios-publicos category-instalaciones category-noticias category-nuestros-clientes tag-amplificadores tag-europa tag-instalacion tag-internacional\">\r\n\r\n\t\t\t\t\t<div class=\"thumb wcf--format-\">\r\n\t\t\t<a href=\"https:\/\/pre.lynxproaudio.com\/es\/biblioteca-central-ogres-letonia-actualiza-lynx-pro-audio\/\">\r\n\t\t\t\t<img decoding=\"async\" width=\"768\" height=\"512\" src=\"https:\/\/pre.lynxproaudio.com\/wp-content\/uploads\/2021\/09\/LynxProAudio-Ogres-Biblioteka-Centrala-Letonia-01-768x512.jpg\" class=\"attachment-medium_large size-medium_large wp-image-17727\" alt=\"\" srcset=\"https:\/\/pre.lynxproaudio.com\/wp-content\/uploads\/2021\/09\/LynxProAudio-Ogres-Biblioteka-Centrala-Letonia-01-768x512.jpg 768w, https:\/\/pre.lynxproaudio.com\/wp-content\/uploads\/2021\/09\/LynxProAudio-Ogres-Biblioteka-Centrala-Letonia-01-300x200.jpg 300w, https:\/\/pre.lynxproaudio.com\/wp-content\/uploads\/2021\/09\/LynxProAudio-Ogres-Biblioteka-Centrala-Letonia-01-1024x683.jpg 1024w, https:\/\/pre.lynxproaudio.com\/wp-content\/uploads\/2021\/09\/LynxProAudio-Ogres-Biblioteka-Centrala-Letonia-01-1536x1024.jpg 1536w, https:\/\/pre.lynxproaudio.com\/wp-content\/uploads\/2021\/09\/LynxProAudio-Ogres-Biblioteka-Centrala-Letonia-01.jpg 2048w\" sizes=\"(max-width: 768px) 100vw, 768px\" \/>\t\t\t<\/a>\r\n\t\t\t\t\t<\/div>\r\n\t\t\t<h3 class=\"wcf-post-title\">\r\n\t\t\t<a href=\"https:\/\/pre.lynxproaudio.com\/es\/biblioteca-central-ogres-letonia-actualiza-lynx-pro-audio\/\">\r\n\t\t\t\t<span class=\"highlight\">La Biblioteca Central de Ogres<\/span> (Letonia) se actualiza con Lynx Pro Audio\t\t\t<\/a>\r\n\t\t<\/h3>\r\n\t\t\t<div class=\"wcf-post-excerpt\">\r\n\t\t\t<p>Este verano la Biblioteca Central de Ogres (Letonia) ha actualizado el equipamiento audiovisual de sus instalaciones con productos de alta calidad. Certes, la empresa que ofrece soluciones audiovisuales y nuestro\t\t<\/div>\r\n\t        <\/article>\r\n\t\t        <article class=\"wcf-post post-17952 post type-post status-publish format-standard has-post-thumbnail hentry category-edificios-publicos category-instalaciones category-noticias category-nuestros-clientes\">\r\n\r\n\t\t\t\t\t<div class=\"thumb wcf--format-\">\r\n\t\t\t<a href=\"https:\/\/pre.lynxproaudio.com\/es\/museo-maritimo-nacional-seul\/\">\r\n\t\t\t\t<img loading=\"lazy\" decoding=\"async\" width=\"600\" height=\"304\" src=\"https:\/\/pre.lynxproaudio.com\/wp-content\/uploads\/2012\/04\/Maritim-museum-korea.jpg\" class=\"attachment-medium_large size-medium_large wp-image-17526\" alt=\"\" srcset=\"https:\/\/pre.lynxproaudio.com\/wp-content\/uploads\/2012\/04\/Maritim-museum-korea.jpg 600w, https:\/\/pre.lynxproaudio.com\/wp-content\/uploads\/2012\/04\/Maritim-museum-korea-300x152.jpg 300w\" sizes=\"(max-width: 600px) 100vw, 600px\" \/>\t\t\t<\/a>\r\n\t\t\t\t\t<\/div>\r\n\t\t\t<h3 class=\"wcf-post-title\">\r\n\t\t\t<a href=\"https:\/\/pre.lynxproaudio.com\/es\/museo-maritimo-nacional-seul\/\">\r\n\t\t\t\t<span class=\"highlight\">Museo Mar\u00edtimo Nacional de Se\u00fal<\/span> \t\t\t<\/a>\r\n\t\t<\/h3>\r\n\t\t\t<div class=\"wcf-post-excerpt\">\r\n\t\t\t<p>El Museo Mar\u00edtimo Nacional de Se\u00fal es el tercer museo m\u00e1s grande de Corea del Sur. El museo fue inaugurado el 9 de julio (2012) y est\u00e1 ubicado en Dongsam-dong,\t\t<\/div>\r\n\t        <\/article>\r\n\t\t        <article class=\"wcf-post post-17953 post type-post status-publish format-standard has-post-thumbnail hentry category-edificios-publicos category-instalaciones category-noticias\">\r\n\r\n\t\t\t\t\t<div class=\"thumb wcf--format-\">\r\n\t\t\t<a href=\"https:\/\/pre.lynxproaudio.com\/es\/sistemas-de-sonido-lx-f6-para-el-hospital-la-fe-de-valencia\/\">\r\n\t\t\t\t<img loading=\"lazy\" decoding=\"async\" width=\"480\" height=\"254\" src=\"https:\/\/pre.lynxproaudio.com\/wp-content\/uploads\/2011\/04\/La-fe.jpg\" class=\"attachment-medium_large size-medium_large wp-image-17499\" alt=\"\" srcset=\"https:\/\/pre.lynxproaudio.com\/wp-content\/uploads\/2011\/04\/La-fe.jpg 480w, https:\/\/pre.lynxproaudio.com\/wp-content\/uploads\/2011\/04\/La-fe-300x159.jpg 300w\" sizes=\"(max-width: 480px) 100vw, 480px\" \/>\t\t\t<\/a>\r\n\t\t\t\t\t<\/div>\r\n\t\t\t<h3 class=\"wcf-post-title\">\r\n\t\t\t<a href=\"https:\/\/pre.lynxproaudio.com\/es\/sistemas-de-sonido-lx-f6-para-el-hospital-la-fe-de-valencia\/\">\r\n\t\t\t\t<span class=\"highlight\">Sistemas de sonido LX-F6 para<\/span> el Hospital La Fe de Valencia\t\t\t<\/a>\r\n\t\t<\/h3>\r\n\t\t\t<div class=\"wcf-post-excerpt\">\r\n\t\t\t<p>El line array LX-F6 ha sido el sistema de sonido elegido para el hospital m\u00e1s grande de Valencia: Hospital Universitario y Polit\u00e9cnico La Fe de Valencia. La Fe, el hospital\t\t<\/div>\r\n\t        <\/article>\r\n\t\t        <article class=\"wcf-post post-17954 post type-post status-publish format-standard has-post-thumbnail hentry category-edificios-publicos category-instalaciones category-noticias category-nuestros-clientes\">\r\n\r\n\t\t\t\t\t<div class=\"thumb wcf--format-\">\r\n\t\t\t<a href=\"https:\/\/pre.lynxproaudio.com\/es\/universidad-de-jena-alemania\/\">\r\n\t\t\t\t<img loading=\"lazy\" decoding=\"async\" width=\"600\" height=\"300\" src=\"https:\/\/pre.lynxproaudio.com\/wp-content\/uploads\/2010\/02\/jena-university.jpg\" class=\"attachment-medium_large size-medium_large wp-image-17489\" alt=\"\" srcset=\"https:\/\/pre.lynxproaudio.com\/wp-content\/uploads\/2010\/02\/jena-university.jpg 600w, https:\/\/pre.lynxproaudio.com\/wp-content\/uploads\/2010\/02\/jena-university-300x150.jpg 300w\" sizes=\"(max-width: 600px) 100vw, 600px\" \/>\t\t\t<\/a>\r\n\t\t\t\t\t<\/div>\r\n\t\t\t<h3 class=\"wcf-post-title\">\r\n\t\t\t<a href=\"https:\/\/pre.lynxproaudio.com\/es\/universidad-de-jena-alemania\/\">\r\n\t\t\t\t<span class=\"highlight\">Universidad de Jena, Alemania<\/span>\t\t\t<\/a>\r\n\t\t<\/h3>\r\n\t\t\t<div class=\"wcf-post-excerpt\">\r\n\t\t\t<p>No es solo la tradici\u00f3n estudiantil (desde 1558) lo que hace que los alumnos elijan la\u00a0Universidad Friedrich Schiller Jena,\u00a0sino la gran consideraci\u00f3n con la que se imparten sus cursos, orientados\t\t<\/div>\r\n\t        <\/article>\r\n\t\t<\/div>\t\t\t\t<div class=\"load-more-anchor\" data-page=\"1\" data-max-page=\"1\" data-next-page=\"https:\/\/pre.lynxproaudio.com\/es\/wp-json\/wp\/v2\/pages\/23094\/page\/2\/\"><\/div>\r\n\r\n\t\t\t\t\r\n\t\t\t\t<button class=\"wcf-post-load-more\" data-type=\"load_on_click\">\r\n\t\t\t\t\t\t\t\t\t\t\t<span class=\"load-more-spinner eicon-animation-spin\">\r\n\t\t\t\t\t\t\t<svg aria-hidden=\"true\" class=\"e-font-icon-svg e-fas-spinner\" viewBox=\"0 0 512 512\" xmlns=\"http:\/\/www.w3.org\/2000\/svg\"><path d=\"M304 48c0 26.51-21.49 48-48 48s-48-21.49-48-48 21.49-48 48-48 48 21.49 48 48zm-48 368c-26.51 0-48 21.49-48 48s21.49 48 48 48 48-21.49 48-48-21.49-48-48-48zm208-208c-26.51 0-48 21.49-48 48s21.49 48 48 48 48-21.49 48-48-21.49-48-48-48zM96 256c0-26.51-21.49-48-48-48S0 229.49 0 256s21.49 48 48 48 48-21.49 48-48zm12.922 99.078c-26.51 0-48 21.49-48 48s21.49 48 48 48 48-21.49 48-48c0-26.509-21.491-48-48-48zm294.156 0c-26.51 0-48 21.49-48 48s21.49 48 48 48 48-21.49 48-48c0-26.509-21.49-48-48-48zM108.922 60.922c-26.51 0-48 21.49-48 48s21.49 48 48 48 48-21.49 48-48-21.491-48-48-48z\"><\/path><\/svg>\t\t\t\t\t\t<\/span>\r\n\t\t\t\t\t\t\t\t\t\t<span class=\"load-more-text\">\r\n\t\t\t\t\t\tCargar m\u00e1s\t\t\t\t\t\t\t\t\t\t\t<\/span>\r\n\t\t\t\t<\/button>\r\n\t\t\t<\/div>\t\t\t\t<\/div>\n\t\t\t\t<\/div>\n\t\t\t\t\t<\/div>\n\t\t\t\t<\/div>\n\t\t\t\t<\/div>\n\t\t","protected":false},"excerpt":{"rendered":"","protected":false},"author":10,"featured_media":23099,"parent":22882,"menu_order":0,"comment_status":"closed","ping_status":"closed","template":"elementor_header_footer","meta":{"_acf_changed":false,"footnotes":""},"categoria-pagina":[],"class_list":["post-23094","page","type-page","status-publish","has-post-thumbnail","hentry"],"acf":[],"_links":{"self":[{"href":"https:\/\/pre.lynxproaudio.com\/es\/wp-json\/wp\/v2\/pages\/23094","targetHints":{"allow":["GET"]}}],"collection":[{"href":"https:\/\/pre.lynxproaudio.com\/es\/wp-json\/wp\/v2\/pages"}],"about":[{"href":"https:\/\/pre.lynxproaudio.com\/es\/wp-json\/wp\/v2\/types\/page"}],"author":[{"embeddable":true,"href":"https:\/\/pre.lynxproaudio.com\/es\/wp-json\/wp\/v2\/users\/10"}],"replies":[{"embeddable":true,"href":"https:\/\/pre.lynxproaudio.com\/es\/wp-json\/wp\/v2\/comments?post=23094"}],"version-history":[{"count":0,"href":"https:\/\/pre.lynxproaudio.com\/es\/wp-json\/wp\/v2\/pages\/23094\/revisions"}],"up":[{"embeddable":true,"href":"https:\/\/pre.lynxproaudio.com\/es\/wp-json\/wp\/v2\/pages\/22882"}],"wp:featuredmedia":[{"embeddable":true,"href":"https:\/\/pre.lynxproaudio.com\/es\/wp-json\/wp\/v2\/media\/23099"}],"wp:attachment":[{"href":"https:\/\/pre.lynxproaudio.com\/es\/wp-json\/wp\/v2\/media?parent=23094"}],"wp:term":[{"taxonomy":"categoria-pagina","embeddable":true,"href":"https:\/\/pre.lynxproaudio.com\/es\/wp-json\/wp\/v2\/categoria-pagina?post=23094"}],"curies":[{"name":"wp","href":"https:\/\/api.w.org\/{rel}","templated":true}]}}