{"id":23012,"date":"2026-02-23T12:43:44","date_gmt":"2026-02-23T11:43:44","guid":{"rendered":"http:\/\/lynxproaudio.loading.net\/?page_id=23012"},"modified":"2026-03-16T11:22:17","modified_gmt":"2026-03-16T10:22:17","slug":"touring-y-conciertos","status":"publish","type":"page","link":"https:\/\/pre.lynxproaudio.com\/es\/referencias\/touring-y-conciertos\/","title":{"rendered":"Touring y conciertos"},"content":{"rendered":"\t\t<div data-elementor-type=\"wp-page\" data-elementor-id=\"23012\" class=\"elementor elementor-23012 elementor-23011\" data-elementor-post-type=\"page\">\n\t\t\t\t<div class=\"aae-disable-transition elementor-element elementor-element-082553a e-con-full cabecera-serie e-flex wcf-starter-animations-none e-con e-parent\" data-id=\"082553a\" data-element_type=\"container\" data-e-type=\"container\" data-settings=\"{&quot;wcf_enable_cursor_hover_effect_text&quot;:&quot;View&quot;,&quot;background_background&quot;:&quot;classic&quot;,&quot;wcf-animation&quot;:&quot;fade&quot;,&quot;aae_method&quot;:&quot;from&quot;,&quot;aae_trigger&quot;:&quot;on_scroll&quot;,&quot;delay&quot;:0.15,&quot;fade-from&quot;:&quot;bottom&quot;,&quot;data-duration&quot;:1.5,&quot;ease&quot;:&quot;power2.out&quot;,&quot;fade-offset&quot;:50,&quot;wcf_enable_horizontal_scroll&quot;:&quot;no&quot;}\">\n\t\t\t\t<\/div>\n\t\t<div class=\"elementor-element elementor-element-95df945 e-flex e-con-boxed wcf-starter-animations-none e-con e-parent\" data-id=\"95df945\" data-element_type=\"container\" data-e-type=\"container\" data-settings=\"{&quot;wcf_enable_cursor_hover_effect_text&quot;:&quot;View&quot;,&quot;wcf-animation&quot;:&quot;none&quot;,&quot;wcf_enable_horizontal_scroll&quot;:&quot;no&quot;}\">\n\t\t\t\t\t<div class=\"e-con-inner\">\n\t\t<div class=\"elementor-element elementor-element-1005176 e-con-full e-flex wcf-starter-animations-none e-con e-child\" data-id=\"1005176\" data-element_type=\"container\" data-e-type=\"container\" data-settings=\"{&quot;wcf_enable_cursor_hover_effect_text&quot;:&quot;View&quot;,&quot;wcf-animation&quot;:&quot;none&quot;,&quot;wcf_enable_horizontal_scroll&quot;:&quot;no&quot;}\">\n\t\t\t\t<div class=\"elementor-element elementor-element-58f8664 elementor-widget-mobile__width-inherit wcf-t-animation-text_move wcf-starter-animations-none elementor-widget elementor-widget-wcf--title\" data-id=\"58f8664\" data-element_type=\"widget\" data-e-type=\"widget\" data-settings=\"{&quot;text_transform_origin&quot;:&quot;top center -50&quot;,&quot;wcf_text_animation&quot;:&quot;text_move&quot;,&quot;wcf_starter_animations&quot;:&quot;none&quot;,&quot;wcf_anim_duration&quot;:1000,&quot;wcf_anim_delay&quot;:0,&quot;wcf_anim_ease&quot;:&quot;ease&quot;,&quot;aae_text_trigger&quot;:&quot;on_scroll&quot;,&quot;text_delay&quot;:0.15,&quot;text_duration&quot;:1,&quot;text_stagger&quot;:0.02,&quot;text_rotation_di&quot;:&quot;x&quot;,&quot;text_rotation&quot;:&quot;-80&quot;,&quot;wcf-animation&quot;:&quot;none&quot;}\" data-widget_type=\"wcf--title.default\">\n\t\t\t\t<div class=\"elementor-widget-container\">\n\t\t\t\t\t<h1 class=\"wcf--title\">Touring y conciertos<\/h1>\t\t\t\t<\/div>\n\t\t\t\t<\/div>\n\t\t\t\t<\/div>\n\t\t\t\t\t<\/div>\n\t\t\t\t<\/div>\n\t\t<div class=\"elementor-element elementor-element-289ae7e3 e-flex e-con-boxed wcf-starter-animations-none e-con e-parent\" data-id=\"289ae7e3\" data-element_type=\"container\" data-e-type=\"container\" data-settings=\"{&quot;wcf_enable_cursor_hover_effect_text&quot;:&quot;View&quot;,&quot;wcf-animation&quot;:&quot;none&quot;,&quot;wcf_enable_horizontal_scroll&quot;:&quot;no&quot;}\">\n\t\t\t\t\t<div class=\"e-con-inner\">\n\t\t\t\t<div class=\"elementor-element elementor-element-3bb73624 wcf-starter-animations-none wcf-t-animation-none elementor-widget elementor-widget-text-editor\" data-id=\"3bb73624\" data-element_type=\"widget\" data-e-type=\"widget\" data-settings=\"{&quot;wcf_starter_animations&quot;:&quot;none&quot;,&quot;wcf_anim_duration&quot;:1000,&quot;wcf_anim_delay&quot;:0,&quot;wcf_anim_ease&quot;:&quot;ease&quot;,&quot;wcf_text_animation&quot;:&quot;none&quot;,&quot;wcf-animation&quot;:&quot;none&quot;}\" data-widget_type=\"text-editor.default\">\n\t\t\t\t\t\t\t\t\t<p>\u00a0<\/p><p>\u00a0<\/p>\t\t\t\t\t\t\t\t<\/div>\n\t\t\t\t\t<\/div>\n\t\t\t\t<\/div>\n\t\t<div class=\"aae-disable-transition elementor-element elementor-element-ece5bdd e-flex e-con-boxed wcf-starter-animations-none e-con e-parent\" data-id=\"ece5bdd\" data-element_type=\"container\" data-e-type=\"container\" data-settings=\"{&quot;wcf_enable_cursor_hover_effect_text&quot;:&quot;View&quot;,&quot;wcf-animation&quot;:&quot;fade&quot;,&quot;data-duration&quot;:0.75,&quot;fade-offset&quot;:40,&quot;delay&quot;:0.5,&quot;wcf_enable_animation_editor&quot;:&quot;yes&quot;,&quot;aae_method&quot;:&quot;from&quot;,&quot;aae_trigger&quot;:&quot;on_scroll&quot;,&quot;fade-from&quot;:&quot;bottom&quot;,&quot;ease&quot;:&quot;power2.out&quot;,&quot;wcf_enable_horizontal_scroll&quot;:&quot;no&quot;}\">\n\t\t\t\t\t<div class=\"e-con-inner\">\n\t\t\t\t<div class=\"elementor-element elementor-element-853732e wcf--title-underline wcf--image-effect-zoom-in elementor-widget elementor-widget-wcf--posts-pro\" data-id=\"853732e\" data-element_type=\"widget\" data-e-type=\"widget\" data-settings=\"{&quot;show_title_highlight&quot;:&quot;yes&quot;,&quot;highlight_title_length&quot;:5,&quot;wcf-animation&quot;:&quot;none&quot;}\" data-widget_type=\"wcf--posts-pro.default\">\n\t\t\t\t<div class=\"elementor-widget-container\">\n\t\t\t\t\t        <div class=\"wcf__posts-pro layout-normal\">        <div class=\"wcf-posts\">\r\n\t\t        <article class=\"wcf-post post-18026 post type-post status-publish format-standard has-post-thumbnail hentry category-nuestros-clientes category-touring-y-conciertos tag-serie-adp tag-serie-cls\">\r\n\r\n\t\t\t\t\t<div class=\"thumb wcf--format-\">\r\n\t\t\t<a href=\"https:\/\/pre.lynxproaudio.com\/es\/sonido-lynx-pro-audio-en-fia-motorsport-games-2024\/\">\r\n\t\t\t\t<img fetchpriority=\"high\" decoding=\"async\" width=\"768\" height=\"318\" src=\"https:\/\/pre.lynxproaudio.com\/wp-content\/uploads\/2024\/10\/Sin-titulo-2-01-768x318.png\" class=\"attachment-medium_large size-medium_large wp-image-24826\" alt=\"Gala inauguracion FIA motorsport en la Ciutat de les arts by Lynx Pro Audio\" srcset=\"https:\/\/pre.lynxproaudio.com\/wp-content\/uploads\/2024\/10\/Sin-titulo-2-01-768x318.png 768w, https:\/\/pre.lynxproaudio.com\/wp-content\/uploads\/2024\/10\/Sin-titulo-2-01-300x124.png 300w, https:\/\/pre.lynxproaudio.com\/wp-content\/uploads\/2024\/10\/Sin-titulo-2-01-1024x425.png 1024w, https:\/\/pre.lynxproaudio.com\/wp-content\/uploads\/2024\/10\/Sin-titulo-2-01-1536x637.png 1536w, https:\/\/pre.lynxproaudio.com\/wp-content\/uploads\/2024\/10\/Sin-titulo-2-01-2048x849.png 2048w\" sizes=\"(max-width: 768px) 100vw, 768px\" \/>\t\t\t<\/a>\r\n\t\t\t\t\t<\/div>\r\n\t\t\t<h3 class=\"wcf-post-title\">\r\n\t\t\t<a href=\"https:\/\/pre.lynxproaudio.com\/es\/sonido-lynx-pro-audio-en-fia-motorsport-games-2024\/\">\r\n\t\t\t\t<span class=\"highlight\">Montaje de Sonido\u00a0en los FIA<\/span> Motorsport Games 2024\t\t\t<\/a>\r\n\t\t<\/h3>\r\n\t\t\t<div class=\"wcf-post-excerpt\">\r\n\t\t\t<p>El montaje de sonido de Lynx Pro Audio para FIA Motorsports Games 2024 que se celebraron en la Ciudad de las Artes y las Ciencias de Valencia.<\/p>\n\t\t<\/div>\r\n\t        <\/article>\r\n\t\t        <article class=\"wcf-post post-18016 post type-post status-publish format-standard has-post-thumbnail hentry category-touring-y-conciertos tag-concierto tag-serie-lx\">\r\n\r\n\t\t\t\t\t<div class=\"thumb wcf--format-\">\r\n\t\t\t<a href=\"https:\/\/pre.lynxproaudio.com\/es\/line-arrays-lynx-pro-audio-medusa-festival\/\">\r\n\t\t\t\t<img decoding=\"async\" width=\"768\" height=\"511\" src=\"https:\/\/pre.lynxproaudio.com\/wp-content\/uploads\/2023\/09\/Medusa-Festival-LynxProAudio-05-768x511.jpg\" class=\"attachment-medium_large size-medium_large wp-image-17781\" alt=\"Medusa Festival Lynx Pro Audio\" srcset=\"https:\/\/pre.lynxproaudio.com\/wp-content\/uploads\/2023\/09\/Medusa-Festival-LynxProAudio-05-768x511.jpg 768w, https:\/\/pre.lynxproaudio.com\/wp-content\/uploads\/2023\/09\/Medusa-Festival-LynxProAudio-05-300x200.jpg 300w, https:\/\/pre.lynxproaudio.com\/wp-content\/uploads\/2023\/09\/Medusa-Festival-LynxProAudio-05.jpg 1000w\" sizes=\"(max-width: 768px) 100vw, 768px\" \/>\t\t\t<\/a>\r\n\t\t\t\t\t<\/div>\r\n\t\t\t<h3 class=\"wcf-post-title\">\r\n\t\t\t<a href=\"https:\/\/pre.lynxproaudio.com\/es\/line-arrays-lynx-pro-audio-medusa-festival\/\">\r\n\t\t\t\t<span class=\"highlight\">Line arrays de Lynx Pro<\/span> Audio en el Medusa Festival\t\t\t<\/a>\r\n\t\t<\/h3>\r\n\t\t\t<div class=\"wcf-post-excerpt\">\r\n\t\t\t<p>El Medusa Festival, uno de los festivales de referencia de la m\u00fasica electr\u00f3nica en Espa\u00f1a, se ha vuelto a celebrar otro a\u00f1o m\u00e1s en Cullera (Valencia). El recinto se ha\t\t<\/div>\r\n\t        <\/article>\r\n\t\t        <article class=\"wcf-post post-17987 post type-post status-publish format-standard has-post-thumbnail hentry category-noticias category-touring-y-conciertos tag-concierto tag-en-directo tag-serie-gxr\">\r\n\r\n\t\t\t\t\t<div class=\"thumb wcf--format-\">\r\n\t\t\t<a href=\"https:\/\/pre.lynxproaudio.com\/es\/gama-gxr-en-el-concierto-de-la-esperanza-de-cheorwon-corea-del-sur\/\">\r\n\t\t\t\t<img decoding=\"async\" width=\"768\" height=\"358\" src=\"https:\/\/pre.lynxproaudio.com\/wp-content\/uploads\/2021\/07\/1908-Lynx-pro-audio-Cheorwon-portada-768x358.png\" class=\"attachment-medium_large size-medium_large wp-image-17725\" alt=\"\" srcset=\"https:\/\/pre.lynxproaudio.com\/wp-content\/uploads\/2021\/07\/1908-Lynx-pro-audio-Cheorwon-portada-768x358.png 768w, https:\/\/pre.lynxproaudio.com\/wp-content\/uploads\/2021\/07\/1908-Lynx-pro-audio-Cheorwon-portada-300x140.png 300w, https:\/\/pre.lynxproaudio.com\/wp-content\/uploads\/2021\/07\/1908-Lynx-pro-audio-Cheorwon-portada-1024x478.png 1024w, https:\/\/pre.lynxproaudio.com\/wp-content\/uploads\/2021\/07\/1908-Lynx-pro-audio-Cheorwon-portada.png 1080w\" sizes=\"(max-width: 768px) 100vw, 768px\" \/>\t\t\t<\/a>\r\n\t\t\t\t\t<\/div>\r\n\t\t\t<h3 class=\"wcf-post-title\">\r\n\t\t\t<a href=\"https:\/\/pre.lynxproaudio.com\/es\/gama-gxr-en-el-concierto-de-la-esperanza-de-cheorwon-corea-del-sur\/\">\r\n\t\t\t\t<span class=\"highlight\">Gama GXR en el \u00abConcierto<\/span> de la Esperanza\u00bb de Cheorwon, Corea del\t\t\t<\/a>\r\n\t\t<\/h3>\r\n\t\t\t<div class=\"wcf-post-excerpt\">\r\n\t\t\t<p>La Asociaci\u00f3n de Cantantes de Corea ha organizado un escenario especial en Cheorwon para celebrar el \u00abConcierto de Esperanza Nacional\u00ab, con la actuaci\u00f3n de varios cantantes surcoreanos bien conocidos. El\t\t<\/div>\r\n\t        <\/article>\r\n\t\t        <article class=\"wcf-post post-17974 post type-post status-publish format-standard has-post-thumbnail hentry category-noticias category-touring-y-conciertos tag-serie-gxr tag-serie-lx\">\r\n\r\n\t\t\t\t\t<div class=\"thumb wcf--format-\">\r\n\t\t\t<a href=\"https:\/\/pre.lynxproaudio.com\/es\/lynx-pro-audio-festival-internacional-arte-shanghai\/\">\r\n\t\t\t\t<img loading=\"lazy\" decoding=\"async\" width=\"768\" height=\"576\" src=\"https:\/\/pre.lynxproaudio.com\/wp-content\/uploads\/2019\/11\/shanghai-international-arts-festival-07-768x576.jpg\" class=\"attachment-medium_large size-medium_large wp-image-17707\" alt=\"\" srcset=\"https:\/\/pre.lynxproaudio.com\/wp-content\/uploads\/2019\/11\/shanghai-international-arts-festival-07-768x576.jpg 768w, https:\/\/pre.lynxproaudio.com\/wp-content\/uploads\/2019\/11\/shanghai-international-arts-festival-07-300x225.jpg 300w, https:\/\/pre.lynxproaudio.com\/wp-content\/uploads\/2019\/11\/shanghai-international-arts-festival-07-1024x768.jpg 1024w, https:\/\/pre.lynxproaudio.com\/wp-content\/uploads\/2019\/11\/shanghai-international-arts-festival-07.jpg 1080w\" sizes=\"(max-width: 768px) 100vw, 768px\" \/>\t\t\t<\/a>\r\n\t\t\t\t\t<\/div>\r\n\t\t\t<h3 class=\"wcf-post-title\">\r\n\t\t\t<a href=\"https:\/\/pre.lynxproaudio.com\/es\/lynx-pro-audio-festival-internacional-arte-shanghai\/\">\r\n\t\t\t\t<span class=\"highlight\">Lynx Pro Audio en el<\/span> Festival Internacional de Arte de Shanghai\t\t\t<\/a>\r\n\t\t<\/h3>\r\n\t\t\t<div class=\"wcf-post-excerpt\">\r\n\t\t\t<p>En octubre de 2019, Lynx Pro Audio estuvo presente en la 21\u00aa edici\u00f3n del Festival Internacional de Arte de China \u00abArts Bird\u00bb y en el 2\u00ba Festival Internacional de M\u00fasica\t\t<\/div>\r\n\t        <\/article>\r\n\t\t        <article class=\"wcf-post post-17944 post type-post status-publish format-standard has-post-thumbnail hentry category-instalaciones category-nuestros-clientes category-touring-y-conciertos tag-serie-lx\">\r\n\r\n\t\t\t\t\t<div class=\"thumb wcf--format-\">\r\n\t\t\t<a href=\"https:\/\/pre.lynxproaudio.com\/es\/sonido-profesional-fiesta-cerveza-paysandu\/\">\r\n\t\t\t\t<img loading=\"lazy\" decoding=\"async\" width=\"768\" height=\"512\" src=\"https:\/\/pre.lynxproaudio.com\/wp-content\/uploads\/2019\/06\/Lynx-pro-audio-fiesta-cerveza-uruguay-01-768x512.jpg\" class=\"attachment-medium_large size-medium_large wp-image-17673\" alt=\"Sistemas de sonido profesional para conciertos de Lynx Pro Audio\" srcset=\"https:\/\/pre.lynxproaudio.com\/wp-content\/uploads\/2019\/06\/Lynx-pro-audio-fiesta-cerveza-uruguay-01-768x512.jpg 768w, https:\/\/pre.lynxproaudio.com\/wp-content\/uploads\/2019\/06\/Lynx-pro-audio-fiesta-cerveza-uruguay-01-300x200.jpg 300w, https:\/\/pre.lynxproaudio.com\/wp-content\/uploads\/2019\/06\/Lynx-pro-audio-fiesta-cerveza-uruguay-01-1024x683.jpg 1024w, https:\/\/pre.lynxproaudio.com\/wp-content\/uploads\/2019\/06\/Lynx-pro-audio-fiesta-cerveza-uruguay-01.jpg 1200w\" sizes=\"(max-width: 768px) 100vw, 768px\" \/>\t\t\t<\/a>\r\n\t\t\t\t\t<\/div>\r\n\t\t\t<h3 class=\"wcf-post-title\">\r\n\t\t\t<a href=\"https:\/\/pre.lynxproaudio.com\/es\/sonido-profesional-fiesta-cerveza-paysandu\/\">\r\n\t\t\t\t<span class=\"highlight\">Sonido profesional en la Fiesta<\/span> de la Cerveza en Paysand\u00fa\t\t\t<\/a>\r\n\t\t<\/h3>\r\n\t\t\t<div class=\"wcf-post-excerpt\">\r\n\t\t\t<p>La Fiesta de la Cerveza se celebra desde 1996 en la ciudad de Paysand\u00fa, Uruguay. Esta fiesta es uno de los eventos\u00a0m\u00e1s multitudinarios del pa\u00eds, se realiza durante la Semana\t\t<\/div>\r\n\t        <\/article>\r\n\t\t        <article class=\"wcf-post post-17943 post type-post status-publish format-standard has-post-thumbnail hentry category-instalaciones category-nuestros-clientes category-touring-y-conciertos tag-serie-gxr\">\r\n\r\n\t\t\t\t\t<div class=\"thumb wcf--format-\">\r\n\t\t\t<a href=\"https:\/\/pre.lynxproaudio.com\/es\/seo-gu-healing-art-festival-daejeon-corea-sur\/\">\r\n\t\t\t\t<img loading=\"lazy\" decoding=\"async\" width=\"768\" height=\"432\" src=\"https:\/\/pre.lynxproaudio.com\/wp-content\/uploads\/2019\/06\/17682090472123763736-768x432.jpg\" class=\"attachment-medium_large size-medium_large wp-image-17669\" alt=\"\" srcset=\"https:\/\/pre.lynxproaudio.com\/wp-content\/uploads\/2019\/06\/17682090472123763736-768x432.jpg 768w, https:\/\/pre.lynxproaudio.com\/wp-content\/uploads\/2019\/06\/17682090472123763736-300x169.jpg 300w, https:\/\/pre.lynxproaudio.com\/wp-content\/uploads\/2019\/06\/17682090472123763736-1024x576.jpg 1024w, https:\/\/pre.lynxproaudio.com\/wp-content\/uploads\/2019\/06\/17682090472123763736.jpg 1080w\" sizes=\"(max-width: 768px) 100vw, 768px\" \/>\t\t\t<\/a>\r\n\t\t\t\t\t<\/div>\r\n\t\t\t<h3 class=\"wcf-post-title\">\r\n\t\t\t<a href=\"https:\/\/pre.lynxproaudio.com\/es\/seo-gu-healing-art-festival-daejeon-corea-sur\/\">\r\n\t\t\t\t<span class=\"highlight\">Seo-gu Healing Art Festival en<\/span> Daejeon, Corea del Sur\t\t\t<\/a>\r\n\t\t<\/h3>\r\n\t\t\t<div class=\"wcf-post-excerpt\">\r\n\t\t\t<p>Seo-gu Healing Art Festival se celebra durante tres d\u00edas de mayo en Daejeon, Corea del Sur. Tiene un gran escenario para todos los espect\u00e1culos que tienen lugar durante el festival.\t\t<\/div>\r\n\t        <\/article>\r\n\t\t        <article class=\"wcf-post post-17961 post type-post status-publish format-standard has-post-thumbnail hentry category-touring-y-conciertos tag-serie-gxr\">\r\n\r\n\t\t\t\t\t<div class=\"thumb wcf--format-\">\r\n\t\t\t<a href=\"https:\/\/pre.lynxproaudio.com\/es\/sheila-on-7-con-la-serie-gxr-de-lynx-pro-audio\/\">\r\n\t\t\t\t<img loading=\"lazy\" decoding=\"async\" width=\"768\" height=\"508\" src=\"https:\/\/pre.lynxproaudio.com\/wp-content\/uploads\/2018\/10\/Sheilaon7-Lynx-Pro-Audio-Indonesia-portada-768x508.png\" class=\"attachment-medium_large size-medium_large wp-image-17686\" alt=\"\" srcset=\"https:\/\/pre.lynxproaudio.com\/wp-content\/uploads\/2018\/10\/Sheilaon7-Lynx-Pro-Audio-Indonesia-portada-768x508.png 768w, https:\/\/pre.lynxproaudio.com\/wp-content\/uploads\/2018\/10\/Sheilaon7-Lynx-Pro-Audio-Indonesia-portada-300x199.png 300w, https:\/\/pre.lynxproaudio.com\/wp-content\/uploads\/2018\/10\/Sheilaon7-Lynx-Pro-Audio-Indonesia-portada.png 1018w\" sizes=\"(max-width: 768px) 100vw, 768px\" \/>\t\t\t<\/a>\r\n\t\t\t\t\t<\/div>\r\n\t\t\t<h3 class=\"wcf-post-title\">\r\n\t\t\t<a href=\"https:\/\/pre.lynxproaudio.com\/es\/sheila-on-7-con-la-serie-gxr-de-lynx-pro-audio\/\">\r\n\t\t\t\t<span class=\"highlight\">&#8216;Sheila on 7&#8217; con la<\/span> serie GXR de Lynx Pro Audio\t\t\t<\/a>\r\n\t\t<\/h3>\r\n\t\t\t<div class=\"wcf-post-excerpt\">\r\n\t\t\t<p>El pasado 14 de octubre, la famosa banda Sheila el 7 se present\u00f3 en la Feria Jatim 2018 en Surabaya, Indonesia. El escenario principal estaba equipado con los sistemas de [&hellip;]<\/p>\n\t\t<\/div>\r\n\t        <\/article>\r\n\t\t        <article class=\"wcf-post post-17931 post type-post status-publish format-standard has-post-thumbnail hentry category-instalaciones category-touring-y-conciertos tag-serie-gxr\">\r\n\r\n\t\t\t\t\t<div class=\"thumb wcf--format-\">\r\n\t\t\t<a href=\"https:\/\/pre.lynxproaudio.com\/es\/wonderland-festival-2018-colonia\/\">\r\n\t\t\t\t<img loading=\"lazy\" decoding=\"async\" width=\"768\" height=\"480\" src=\"https:\/\/pre.lynxproaudio.com\/wp-content\/uploads\/2018\/09\/Wonderland-Festival-768x480.jpg\" class=\"attachment-medium_large size-medium_large wp-image-17653\" alt=\"\" srcset=\"https:\/\/pre.lynxproaudio.com\/wp-content\/uploads\/2018\/09\/Wonderland-Festival-768x480.jpg 768w, https:\/\/pre.lynxproaudio.com\/wp-content\/uploads\/2018\/09\/Wonderland-Festival-300x188.jpg 300w, https:\/\/pre.lynxproaudio.com\/wp-content\/uploads\/2018\/09\/Wonderland-Festival-1024x640.jpg 1024w, https:\/\/pre.lynxproaudio.com\/wp-content\/uploads\/2018\/09\/Wonderland-Festival.jpg 1080w\" sizes=\"(max-width: 768px) 100vw, 768px\" \/>\t\t\t<\/a>\r\n\t\t\t\t\t<\/div>\r\n\t\t\t<h3 class=\"wcf-post-title\">\r\n\t\t\t<a href=\"https:\/\/pre.lynxproaudio.com\/es\/wonderland-festival-2018-colonia\/\">\r\n\t\t\t\t<span class=\"highlight\">Wonderland Festival 2018 en Colonia<\/span> \t\t\t<\/a>\r\n\t\t<\/h3>\r\n\t\t\t<div class=\"wcf-post-excerpt\">\r\n\t\t\t<p>El pasado 17 y 18 de agosto se celebr\u00f3 en Colonia (Alemania) el Wonderland Festival, un festival de m\u00fasica EDM, house y techno.\u00a0M\u00e1s de 10.000 personas se reunieron en 8.000\t\t<\/div>\r\n\t        <\/article>\r\n\t\t        <article class=\"wcf-post post-17967 post type-post status-publish format-standard has-post-thumbnail hentry category-noticias category-nuestros-clientes category-touring-y-conciertos tag-serie-lx\">\r\n\r\n\t\t\t\t\t<div class=\"thumb wcf--format-\">\r\n\t\t\t<a href=\"https:\/\/pre.lynxproaudio.com\/es\/morat-en-concierto-con-lynx-pro-audio\/\">\r\n\t\t\t\t<img loading=\"lazy\" decoding=\"async\" width=\"768\" height=\"512\" src=\"https:\/\/pre.lynxproaudio.com\/wp-content\/uploads\/2018\/07\/Lynx-Pro-Audio-morat-montevideo.-touring-line-arrays-4-768x512.jpg\" class=\"attachment-medium_large size-medium_large wp-image-17698\" alt=\"\" srcset=\"https:\/\/pre.lynxproaudio.com\/wp-content\/uploads\/2018\/07\/Lynx-Pro-Audio-morat-montevideo.-touring-line-arrays-4-768x512.jpg 768w, https:\/\/pre.lynxproaudio.com\/wp-content\/uploads\/2018\/07\/Lynx-Pro-Audio-morat-montevideo.-touring-line-arrays-4-300x200.jpg 300w, https:\/\/pre.lynxproaudio.com\/wp-content\/uploads\/2018\/07\/Lynx-Pro-Audio-morat-montevideo.-touring-line-arrays-4-1024x682.jpg 1024w, https:\/\/pre.lynxproaudio.com\/wp-content\/uploads\/2018\/07\/Lynx-Pro-Audio-morat-montevideo.-touring-line-arrays-4-1536x1023.jpg 1536w, https:\/\/pre.lynxproaudio.com\/wp-content\/uploads\/2018\/07\/Lynx-Pro-Audio-morat-montevideo.-touring-line-arrays-4.jpg 1600w\" sizes=\"(max-width: 768px) 100vw, 768px\" \/>\t\t\t<\/a>\r\n\t\t\t\t\t<\/div>\r\n\t\t\t<h3 class=\"wcf-post-title\">\r\n\t\t\t<a href=\"https:\/\/pre.lynxproaudio.com\/es\/morat-en-concierto-con-lynx-pro-audio\/\">\r\n\t\t\t\t<span class=\"highlight\">Morat en concierto con Lynx<\/span> Pro Audio\t\t\t<\/a>\r\n\t\t<\/h3>\r\n\t\t\t<div class=\"wcf-post-excerpt\">\r\n\t\t\t<p>Morat hizo su aparici\u00f3n por primera vez en Uruguay en el Teatro de Verano de Montevideo, un lugar donde se celebran muchos conciertos de artistas nacionales e internacionales. \u00c9ste fue\t\t<\/div>\r\n\t        <\/article>\r\n\t\t<\/div>\t\t\t\t<div class=\"load-more-anchor\" data-page=\"1\" data-max-page=\"2\" data-next-page=\"https:\/\/pre.lynxproaudio.com\/es\/wp-json\/wp\/v2\/pages\/23012\/page\/2\/\"><\/div>\r\n\r\n\t\t\t\t\r\n\t\t\t\t<button class=\"wcf-post-load-more\" data-type=\"load_on_click\">\r\n\t\t\t\t\t\t\t\t\t\t\t<span class=\"load-more-spinner eicon-animation-spin\">\r\n\t\t\t\t\t\t\t<svg aria-hidden=\"true\" class=\"e-font-icon-svg e-fas-spinner\" viewBox=\"0 0 512 512\" xmlns=\"http:\/\/www.w3.org\/2000\/svg\"><path d=\"M304 48c0 26.51-21.49 48-48 48s-48-21.49-48-48 21.49-48 48-48 48 21.49 48 48zm-48 368c-26.51 0-48 21.49-48 48s21.49 48 48 48 48-21.49 48-48-21.49-48-48-48zm208-208c-26.51 0-48 21.49-48 48s21.49 48 48 48 48-21.49 48-48-21.49-48-48-48zM96 256c0-26.51-21.49-48-48-48S0 229.49 0 256s21.49 48 48 48 48-21.49 48-48zm12.922 99.078c-26.51 0-48 21.49-48 48s21.49 48 48 48 48-21.49 48-48c0-26.509-21.491-48-48-48zm294.156 0c-26.51 0-48 21.49-48 48s21.49 48 48 48 48-21.49 48-48c0-26.509-21.49-48-48-48zM108.922 60.922c-26.51 0-48 21.49-48 48s21.49 48 48 48 48-21.49 48-48-21.491-48-48-48z\"><\/path><\/svg>\t\t\t\t\t\t<\/span>\r\n\t\t\t\t\t\t\t\t\t\t<span class=\"load-more-text\">\r\n\t\t\t\t\t\tLoad more\t\t\t\t\t\t\t\t\t\t\t<\/span>\r\n\t\t\t\t<\/button>\r\n\t\t\t<\/div>\t\t\t\t<\/div>\n\t\t\t\t<\/div>\n\t\t\t\t\t<\/div>\n\t\t\t\t<\/div>\n\t\t\t\t<\/div>\n\t\t","protected":false},"excerpt":{"rendered":"<p>\u00a0 \u00a0<\/p>\n","protected":false},"author":10,"featured_media":23061,"parent":22882,"menu_order":0,"comment_status":"closed","ping_status":"closed","template":"elementor_header_footer","meta":{"_acf_changed":false,"footnotes":""},"categoria-pagina":[],"class_list":["post-23012","page","type-page","status-publish","has-post-thumbnail","hentry"],"acf":[],"_links":{"self":[{"href":"https:\/\/pre.lynxproaudio.com\/es\/wp-json\/wp\/v2\/pages\/23012","targetHints":{"allow":["GET"]}}],"collection":[{"href":"https:\/\/pre.lynxproaudio.com\/es\/wp-json\/wp\/v2\/pages"}],"about":[{"href":"https:\/\/pre.lynxproaudio.com\/es\/wp-json\/wp\/v2\/types\/page"}],"author":[{"embeddable":true,"href":"https:\/\/pre.lynxproaudio.com\/es\/wp-json\/wp\/v2\/users\/10"}],"replies":[{"embeddable":true,"href":"https:\/\/pre.lynxproaudio.com\/es\/wp-json\/wp\/v2\/comments?post=23012"}],"version-history":[{"count":0,"href":"https:\/\/pre.lynxproaudio.com\/es\/wp-json\/wp\/v2\/pages\/23012\/revisions"}],"up":[{"embeddable":true,"href":"https:\/\/pre.lynxproaudio.com\/es\/wp-json\/wp\/v2\/pages\/22882"}],"wp:featuredmedia":[{"embeddable":true,"href":"https:\/\/pre.lynxproaudio.com\/es\/wp-json\/wp\/v2\/media\/23061"}],"wp:attachment":[{"href":"https:\/\/pre.lynxproaudio.com\/es\/wp-json\/wp\/v2\/media?parent=23012"}],"wp:term":[{"taxonomy":"categoria-pagina","embeddable":true,"href":"https:\/\/pre.lynxproaudio.com\/es\/wp-json\/wp\/v2\/categoria-pagina?post=23012"}],"curies":[{"name":"wp","href":"https:\/\/api.w.org\/{rel}","templated":true}]}}